{"id":14,"date":"2024-06-29T13:19:33","date_gmt":"2024-06-29T13:19:33","guid":{"rendered":"https:\/\/agriproafrica.net\/?page_id=14"},"modified":"2025-05-07T07:54:36","modified_gmt":"2025-05-07T07:54:36","slug":"la-societe","status":"publish","type":"page","link":"https:\/\/agriproafrica.net\/fr_fr\/la-societe\/","title":{"rendered":"La Soci\u00e9t\u00e9"},"content":{"rendered":"\t\t<div data-elementor-type=\"wp-page\" data-elementor-id=\"14\" class=\"elementor elementor-14\">\n\t\t\t\t<div class=\"elementor-element elementor-element-ea6459d e-flex e-con-boxed e-con e-parent\" data-id=\"ea6459d\" data-element_type=\"container\" data-e-type=\"container\" data-settings=\"{&quot;background_background&quot;:&quot;classic&quot;}\">\n\t\t\t\t\t<div class=\"e-con-inner\">\n\t\t\t\t<div class=\"elementor-element elementor-element-1d1f4e0 elementor-widget elementor-widget-heading\" data-id=\"1d1f4e0\" data-element_type=\"widget\" data-e-type=\"widget\" data-widget_type=\"heading.default\">\n\t\t\t\t<div class=\"elementor-widget-container\">\n\t\t\t\t\t<h2 class=\"elementor-heading-title elementor-size-default\">D\u00e9couvrir la soci\u00e9t\u00e9<\/h2>\t\t\t\t<\/div>\n\t\t\t\t<\/div>\n\t\t\t\t\t<\/div>\n\t\t\t\t<\/div>\n\t\t<div class=\"elementor-element elementor-element-3090af6 e-flex e-con-boxed e-con e-parent\" data-id=\"3090af6\" data-element_type=\"container\" data-e-type=\"container\">\n\t\t\t\t\t<div class=\"e-con-inner\">\n\t\t<div class=\"elementor-element elementor-element-9f51ae4 e-con-full e-flex e-con e-child\" data-id=\"9f51ae4\" data-element_type=\"container\" data-e-type=\"container\">\n\t\t<div class=\"elementor-element elementor-element-bb3e791 e-con-full elementor-hidden-tablet elementor-hidden-mobile e-flex e-con e-child\" data-id=\"bb3e791\" data-element_type=\"container\" data-e-type=\"container\" data-settings=\"{&quot;background_background&quot;:&quot;classic&quot;}\">\n\t\t\t\t<div class=\"elementor-element elementor-element-0048ed4 elementor-widget elementor-widget-heading\" data-id=\"0048ed4\" data-element_type=\"widget\" data-e-type=\"widget\" data-widget_type=\"heading.default\">\n\t\t\t\t<div class=\"elementor-widget-container\">\n\t\t\t\t\t<h2 class=\"elementor-heading-title elementor-size-default\">NOTRE D\u00c9MARCHE<\/h2>\t\t\t\t<\/div>\n\t\t\t\t<\/div>\n\t\t\t\t<\/div>\n\t\t\t\t<\/div>\n\t\t\t\t\t<\/div>\n\t\t\t\t<\/div>\n\t\t<div class=\"elementor-element elementor-element-b16fbbe e-flex e-con-boxed e-con e-parent\" data-id=\"b16fbbe\" data-element_type=\"container\" data-e-type=\"container\">\n\t\t\t\t\t<div class=\"e-con-inner\">\n\t\t<div class=\"elementor-element elementor-element-e0c2630 e-con-full e-flex e-con e-child\" data-id=\"e0c2630\" data-element_type=\"container\" data-e-type=\"container\">\n\t\t\t\t<div class=\"elementor-element elementor-element-43842a9 elementor-widget elementor-widget-text-editor\" data-id=\"43842a9\" data-element_type=\"widget\" data-e-type=\"widget\" data-widget_type=\"text-editor.default\">\n\t\t\t\t<div class=\"elementor-widget-container\">\n\t\t\t\t\t\t\t\t\t<p>Accompagner, Outiller, Transformer \u2013 Telle est la mission d&rsquo;AGRIPRO, un acteur engag\u00e9 dans la modernisation de l\u2019agriculture en Afrique de l\u2019Ouest.<\/p><p>Face aux d\u00e9fis agricoles croissants \u2013 s\u00e9curit\u00e9 alimentaire, changement climatique, faible m\u00e9canisation et acc\u00e8s limit\u00e9 aux intrants \u2013 AGRIPRO se positionne comme un partenaire de choix en proposant des solutions innovantes, adapt\u00e9es et durables.\u00a0<\/p><p>Nous croyons fermement que l\u2019avenir de l\u2019agriculture africaine repose sur quatre piliers essentiels :<\/p><ul><li>La m\u00e9canisation intelligente pour augmenter la productivit\u00e9<\/li><li>La formation et la capacitation des agriculteurs pour garantir une exploitation optimale des<br \/>\u00e9quipements<\/li><li>Un accompagnement global et un service de proximit\u00e9 pour une agriculture plus<br \/>performante<\/li><li>Un one-stop shop agricole o\u00f9 l\u2019agriculteur trouve tout ce dont il a besoin en un seul lieu<\/li><\/ul><p>Avec AGRIPRO, l\u2019agriculteur n\u2019est jamais seul !<\/p><p>Nous croyons en une agriculture moderne, durable et rentable, accessible \u00e0 tous.<br \/>En tant que partenaire privil\u00e9gi\u00e9 des agriculteurs, nous leur apportons les outils, les \u00e9quipements et le soutien n\u00e9cessaires pour r\u00e9ussir et affronter les d\u00e9fis agricoles de demain.<\/p>\t\t\t\t\t\t\t\t<\/div>\n\t\t\t\t<\/div>\n\t\t\t\t<\/div>\n\t\t<div class=\"elementor-element elementor-element-d4d0930 e-con-full e-flex e-con e-child\" data-id=\"d4d0930\" data-element_type=\"container\" data-e-type=\"container\" data-settings=\"{&quot;background_background&quot;:&quot;classic&quot;}\">\n\t\t<div class=\"elementor-element elementor-element-5175cd3 e-con-full elementor-hidden-desktop elementor-hidden-tablet e-flex e-con e-child\" data-id=\"5175cd3\" data-element_type=\"container\" data-e-type=\"container\">\n\t\t\t\t<div class=\"elementor-element elementor-element-e06ce76 elementor-widget elementor-widget-heading\" data-id=\"e06ce76\" data-element_type=\"widget\" data-e-type=\"widget\" data-widget_type=\"heading.default\">\n\t\t\t\t<div class=\"elementor-widget-container\">\n\t\t\t\t\t<h2 class=\"elementor-heading-title elementor-size-default\">NOTRE D\u00c9MARCHE<\/h2>\t\t\t\t<\/div>\n\t\t\t\t<\/div>\n\t\t\t\t<\/div>\n\t\t\t\t<\/div>\n\t\t\t\t\t<\/div>\n\t\t\t\t<\/div>\n\t\t<div class=\"elementor-element elementor-element-48e025a e-flex e-con-boxed e-con e-parent\" data-id=\"48e025a\" data-element_type=\"container\" data-e-type=\"container\">\n\t\t\t\t\t<div class=\"e-con-inner\">\n\t\t<div class=\"elementor-element elementor-element-212d669 e-con-full e-flex e-con e-child\" data-id=\"212d669\" data-element_type=\"container\" data-e-type=\"container\">\n\t\t<div class=\"elementor-element elementor-element-ee1ef51 e-con-full e-flex e-con e-child\" data-id=\"ee1ef51\" data-element_type=\"container\" data-e-type=\"container\" data-settings=\"{&quot;background_background&quot;:&quot;classic&quot;}\">\n\t\t\t\t<div class=\"elementor-element elementor-element-dcfc1b2 elementor-widget elementor-widget-heading\" data-id=\"dcfc1b2\" data-element_type=\"widget\" data-e-type=\"widget\" data-widget_type=\"heading.default\">\n\t\t\t\t<div class=\"elementor-widget-container\">\n\t\t\t\t\t<h2 class=\"elementor-heading-title elementor-size-default\">Pourquoi Choisir AGRIPRO ?<\/h2>\t\t\t\t<\/div>\n\t\t\t\t<\/div>\n\t\t\t\t<\/div>\n\t\t\t\t<\/div>\n\t\t\t\t<div class=\"elementor-element elementor-element-edfc7e4 elementor-widget elementor-widget-text-editor\" data-id=\"edfc7e4\" data-element_type=\"widget\" data-e-type=\"widget\" data-widget_type=\"text-editor.default\">\n\t\t\t\t<div class=\"elementor-widget-container\">\n\t\t\t\t\t\t\t\t\t<ul><li><span style=\"font-style: inherit;font-weight: inherit\">20 ans d\u2019exp\u00e9rience dans la distribution de solutions agricoles en Afrique<\/span><\/li><li>Une gamme compl\u00e8te d\u2019\u00e9quipements agricoles adapt\u00e9s aux r\u00e9alit\u00e9s locales<\/li><li>Un r\u00e9seau de proximit\u00e9 avec des agences et techniciens pr\u00e9sents sur le terrain<\/li><li>Une formation continue pour maximiser l\u2019utilisation du mat\u00e9riel<\/li><li>Un service apr\u00e8s-vente performant avec un stock de pi\u00e8ces de rechange toujours disponible<\/li><li>Une approche int\u00e9gr\u00e9e pour accompagner les agriculteurs dans la transformation de leur exploitation<\/li><\/ul><p>Chez Agripro le producteur est roi<\/p>\t\t\t\t\t\t\t\t<\/div>\n\t\t\t\t<\/div>\n\t\t\t\t\t<\/div>\n\t\t\t\t<\/div>\n\t\t<div class=\"elementor-element elementor-element-629df36 elementor-hidden-desktop elementor-hidden-tablet e-flex e-con-boxed e-con e-parent\" data-id=\"629df36\" data-element_type=\"container\" data-e-type=\"container\" data-settings=\"{&quot;background_background&quot;:&quot;classic&quot;}\">\n\t\t\t\t\t<div class=\"e-con-inner\">\n\t\t<div class=\"elementor-element elementor-element-3ba3597 e-con-full e-flex e-con e-child\" data-id=\"3ba3597\" data-element_type=\"container\" data-e-type=\"container\">\n\t\t<div class=\"elementor-element elementor-element-437920d e-con-full e-flex e-con e-child\" data-id=\"437920d\" data-element_type=\"container\" data-e-type=\"container\" data-settings=\"{&quot;background_background&quot;:&quot;classic&quot;}\">\n\t\t\t\t<div class=\"elementor-element elementor-element-11cc3ed elementor-widget elementor-widget-heading\" data-id=\"11cc3ed\" data-element_type=\"widget\" data-e-type=\"widget\" data-widget_type=\"heading.default\">\n\t\t\t\t<div class=\"elementor-widget-container\">\n\t\t\t\t\t<h2 class=\"elementor-heading-title elementor-size-default\">MOT DU DIRECTEUR<\/h2>\t\t\t\t<\/div>\n\t\t\t\t<\/div>\n\t\t\t\t<\/div>\n\t\t<div class=\"elementor-element elementor-element-1e7e267 e-con-full e-flex e-con e-child\" data-id=\"1e7e267\" data-element_type=\"container\" data-e-type=\"container\" data-settings=\"{&quot;background_background&quot;:&quot;classic&quot;}\">\n\t\t\t\t<div class=\"elementor-element elementor-element-e273756 elementor-widget-mobile__width-initial elementor-widget elementor-widget-image\" data-id=\"e273756\" data-element_type=\"widget\" data-e-type=\"widget\" data-widget_type=\"image.default\">\n\t\t\t\t<div class=\"elementor-widget-container\">\n\t\t\t\t\t\t\t\t\t\t\t\t\t\t\t<img decoding=\"async\" width=\"280\" height=\"144\" src=\"https:\/\/agriproafrica.net\/wp-content\/uploads\/2024\/07\/Logo-agripro-116x60.png\" class=\"attachment-large size-large wp-image-402\" alt=\"\" srcset=\"https:\/\/agriproafrica.net\/wp-content\/uploads\/2024\/07\/Logo-agripro.png 280w, https:\/\/agriproafrica.net\/wp-content\/uploads\/2024\/07\/Logo-agripro-18x9.png 18w, https:\/\/agriproafrica.net\/wp-content\/uploads\/2024\/07\/Logo-agripro-116x60.png 116w\" sizes=\"(max-width: 280px) 100vw, 280px\" \/>\t\t\t\t\t\t\t\t\t\t\t\t\t\t\t<\/div>\n\t\t\t\t<\/div>\n\t\t\t\t<\/div>\n\t\t\t\t<div class=\"elementor-element elementor-element-846030e elementor-widget elementor-widget-text-editor\" data-id=\"846030e\" data-element_type=\"widget\" data-e-type=\"widget\" data-widget_type=\"text-editor.default\">\n\t\t\t\t<div class=\"elementor-widget-container\">\n\t\t\t\t\t\t\t\t\t<p>Professionnaliser les jeunes, c\u2019est leur offrir des formations de qualit\u00e9, align\u00e9es avecvles r\u00e9alit\u00e9s du terrain. C\u2019est aussi leur permettre d\u2019acc\u00e9der \u00e0 des technologies pertinentes, adapt\u00e9es \u00e0 la taille et aux sp\u00e9cificit\u00e9s de leurs exploitations. Maissurtout, c\u2019est leur donner les moyens d\u2019agir en acteurs autonomes, durables et visionnaires de la cha\u00eene alimentaire.<\/p>\n<p>Notre approche repose sur trois leviers essentiels :<\/p>\n<p>\u25cf La formation continue<br>\n\u25cf Le service de proximit\u00e9 et l\u2019assistance apr\u00e8s-vente<br>\n\u25cf La planification des op\u00e9rations agricoles et de la mise en march\u00e9 des produits<\/p>\n<p>En soutenant une agriculture moderne et inclusive, nous contribuons \u00e0 b\u00e2tir un \u00e9cosyst\u00e8me o\u00f9 chaque acteur, du producteur au consommateur, participe \u00e0 une cha\u00eene alimentaire plus r\u00e9siliente, plus \u00e9quitable et plus responsable.<\/p>\n<p>Notre ambition est claire : faire de l\u2019agriculture un levier strat\u00e9gique de d\u00e9veloppement durable, d\u2019autonomie locale et de prosp\u00e9rit\u00e9 partag\u00e9e.<\/p>\n<p>Avec engagement,<br>\nAssane Tour\u00e9, CEO \u2013 AGRIPRO AFRICA<\/p>\t\t\t\t\t\t\t\t<\/div>\n\t\t\t\t<\/div>\n\t\t\t\t<\/div>\n\t\t\t\t\t<\/div>\n\t\t\t\t<\/div>\n\t\t<div class=\"elementor-element elementor-element-1ef3190 elementor-hidden-mobile e-flex e-con-boxed e-con e-parent\" data-id=\"1ef3190\" data-element_type=\"container\" data-e-type=\"container\">\n\t\t\t\t\t<div class=\"e-con-inner\">\n\t\t<div class=\"elementor-element elementor-element-9d56a52 e-con-full e-flex e-con e-child\" data-id=\"9d56a52\" data-element_type=\"container\" data-e-type=\"container\" data-settings=\"{&quot;background_background&quot;:&quot;classic&quot;}\">\n\t\t\t\t<div class=\"elementor-element elementor-element-e59b309 elementor-widget elementor-widget-heading\" data-id=\"e59b309\" data-element_type=\"widget\" data-e-type=\"widget\" data-widget_type=\"heading.default\">\n\t\t\t\t<div class=\"elementor-widget-container\">\n\t\t\t\t\t<h2 class=\"elementor-heading-title elementor-size-default\">MOT DU DIRECTEUR<\/h2>\t\t\t\t<\/div>\n\t\t\t\t<\/div>\n\t\t\t\t<\/div>\n\t\t\t\t\t<\/div>\n\t\t\t\t<\/div>\n\t\t<div class=\"elementor-element elementor-element-92903bb elementor-hidden-mobile e-flex e-con-boxed e-con e-parent\" data-id=\"92903bb\" data-element_type=\"container\" data-e-type=\"container\" data-settings=\"{&quot;background_background&quot;:&quot;classic&quot;}\">\n\t\t\t\t\t<div class=\"e-con-inner\">\n\t\t<div class=\"elementor-element elementor-element-1167f61 e-con-full e-flex e-con e-child\" data-id=\"1167f61\" data-element_type=\"container\" data-e-type=\"container\" data-settings=\"{&quot;background_background&quot;:&quot;classic&quot;}\">\n\t\t\t\t<div class=\"elementor-element elementor-element-6706dbc elementor-widget elementor-widget-image\" data-id=\"6706dbc\" data-element_type=\"widget\" data-e-type=\"widget\" data-widget_type=\"image.default\">\n\t\t\t\t<div class=\"elementor-widget-container\">\n\t\t\t\t\t\t\t\t\t\t\t\t\t\t\t<img decoding=\"async\" width=\"280\" height=\"144\" src=\"https:\/\/agriproafrica.net\/wp-content\/uploads\/2024\/07\/Logo-agripro-116x60.png\" class=\"attachment-large size-large wp-image-402\" alt=\"\" srcset=\"https:\/\/agriproafrica.net\/wp-content\/uploads\/2024\/07\/Logo-agripro.png 280w, https:\/\/agriproafrica.net\/wp-content\/uploads\/2024\/07\/Logo-agripro-18x9.png 18w, https:\/\/agriproafrica.net\/wp-content\/uploads\/2024\/07\/Logo-agripro-116x60.png 116w\" sizes=\"(max-width: 280px) 100vw, 280px\" \/>\t\t\t\t\t\t\t\t\t\t\t\t\t\t\t<\/div>\n\t\t\t\t<\/div>\n\t\t\t\t<\/div>\n\t\t<div class=\"elementor-element elementor-element-35c064d e-con-full e-flex e-con e-child\" data-id=\"35c064d\" data-element_type=\"container\" data-e-type=\"container\">\n\t\t\t\t<div class=\"elementor-element elementor-element-0d40797 elementor-widget elementor-widget-text-editor\" data-id=\"0d40797\" data-element_type=\"widget\" data-e-type=\"widget\" data-widget_type=\"text-editor.default\">\n\t\t\t\t<div class=\"elementor-widget-container\">\n\t\t\t\t\t\t\t\t\t<p>Professionnaliser les jeunes, c\u2019est leur offrir des formations de qualit\u00e9, align\u00e9es avecvles r\u00e9alit\u00e9s du terrain. C\u2019est aussi leur permettre d\u2019acc\u00e9der \u00e0 des technologies pertinentes, adapt\u00e9es \u00e0 la taille et aux sp\u00e9cificit\u00e9s de leurs exploitations. Maissurtout, c\u2019est leur donner les moyens d\u2019agir en acteurs autonomes, durables et visionnaires de la cha\u00eene alimentaire.<\/p><p>Notre approche repose sur trois leviers essentiels :<\/p><p>\u25cf La formation continue<br \/>\u25cf Le service de proximit\u00e9 et l\u2019assistance apr\u00e8s-vente<br \/>\u25cf La planification des op\u00e9rations agricoles et de la mise en march\u00e9 des produits<\/p><p>En soutenant une agriculture moderne et inclusive, nous contribuons \u00e0 b\u00e2tir un \u00e9cosyst\u00e8me o\u00f9 chaque acteur, du producteur au consommateur, participe \u00e0 une cha\u00eene alimentaire plus r\u00e9siliente, plus \u00e9quitable et plus responsable.<\/p><p>Notre ambition est claire : faire de l\u2019agriculture un levier strat\u00e9gique de d\u00e9veloppement durable, d\u2019autonomie locale et de prosp\u00e9rit\u00e9 partag\u00e9e.<\/p><p>Avec engagement,<br \/>Assane Tour\u00e9, CEO \u2013 AGRIPRO AFRICA<\/p>\t\t\t\t\t\t\t\t<\/div>\n\t\t\t\t<\/div>\n\t\t\t\t<\/div>\n\t\t\t\t\t<\/div>\n\t\t\t\t<\/div>\n\t\t<div class=\"elementor-element elementor-element-7c20076 e-flex e-con-boxed e-con e-parent\" data-id=\"7c20076\" data-element_type=\"container\" data-e-type=\"container\">\n\t\t\t\t\t<div class=\"e-con-inner\">\n\t\t<div class=\"elementor-element elementor-element-e31b4af e-con-full e-flex e-con e-child\" data-id=\"e31b4af\" data-element_type=\"container\" data-e-type=\"container\">\n\t\t<div class=\"elementor-element elementor-element-cbd296a e-con-full e-flex e-con e-child\" data-id=\"cbd296a\" data-element_type=\"container\" data-e-type=\"container\" data-settings=\"{&quot;background_background&quot;:&quot;classic&quot;}\">\n\t\t\t\t<div class=\"elementor-element elementor-element-2f83700 elementor-widget elementor-widget-heading\" data-id=\"2f83700\" data-element_type=\"widget\" data-e-type=\"widget\" data-widget_type=\"heading.default\">\n\t\t\t\t<div class=\"elementor-widget-container\">\n\t\t\t\t\t<h2 class=\"elementor-heading-title elementor-size-default\">NOTRE \u00c9QUIPE<\/h2>\t\t\t\t<\/div>\n\t\t\t\t<\/div>\n\t\t\t\t<\/div>\n\t\t\t\t<\/div>\n\t\t\t\t\t<\/div>\n\t\t\t\t<\/div>\n\t\t<div class=\"elementor-element elementor-element-bc8f11e e-flex e-con-boxed e-con e-parent\" data-id=\"bc8f11e\" data-element_type=\"container\" data-e-type=\"container\">\n\t\t\t\t\t<div class=\"e-con-inner\">\n\t\t\t\t<div class=\"elementor-element elementor-element-18984c8 elementor-widget elementor-widget-heading\" data-id=\"18984c8\" data-element_type=\"widget\" data-e-type=\"widget\" data-widget_type=\"heading.default\">\n\t\t\t\t<div class=\"elementor-widget-container\">\n\t\t\t\t\t<h2 class=\"elementor-heading-title elementor-size-default\">Nous disposons d\u2019une \u00e9quipe jeune, dynamique et performante, disponible \u00e0 tout moment pour vous servir.<\/h2>\t\t\t\t<\/div>\n\t\t\t\t<\/div>\n\t\t\t\t\t<\/div>\n\t\t\t\t<\/div>\n\t\t\t\t<\/div>\n\t\t","protected":false},"excerpt":{"rendered":"<p>D\u00e9couvrir la soci\u00e9t\u00e9 NOTRE D\u00c9MARCHE Accompagner, Outiller, Transformer \u2013 Telle est la mission d&rsquo;AGRIPRO, un acteur engag\u00e9 dans la modernisation [&hellip;]<\/p>\n","protected":false},"author":2,"featured_media":65,"parent":0,"menu_order":0,"comment_status":"closed","ping_status":"closed","template":"","meta":{"site-sidebar-layout":"no-sidebar","site-content-layout":"","ast-site-content-layout":"full-width-container","site-content-style":"default","site-sidebar-style":"default","ast-global-header-display":"","ast-banner-title-visibility":"","ast-main-header-display":"","ast-hfb-above-header-display":"","ast-hfb-below-header-display":"","ast-hfb-mobile-header-display":"","site-post-title":"disabled","ast-breadcrumbs-content":"","ast-featured-img":"disabled","footer-sml-layout":"","ast-disable-related-posts":"","theme-transparent-header-meta":"","adv-header-id-meta":"","stick-header-meta":"","header-above-stick-meta":"","header-main-stick-meta":"","header-below-stick-meta":"","astra-migrate-meta-layouts":"default","ast-page-background-enabled":"default","ast-page-background-meta":{"desktop":{"background-color":"var(--ast-global-color-4)","background-image":"","background-repeat":"repeat","background-position":"center center","background-size":"auto","background-attachment":"scroll","background-type":"","background-media":"","overlay-type":"","overlay-color":"","overlay-opacity":"","overlay-gradient":""},"tablet":{"background-color":"","background-image":"","background-repeat":"repeat","background-position":"center center","background-size":"auto","background-attachment":"scroll","background-type":"","background-media":"","overlay-type":"","overlay-color":"","overlay-opacity":"","overlay-gradient":""},"mobile":{"background-color":"","background-image":"","background-repeat":"repeat","background-position":"center center","background-size":"auto","background-attachment":"scroll","background-type":"","background-media":"","overlay-type":"","overlay-color":"","overlay-opacity":"","overlay-gradient":""}},"ast-content-background-meta":{"desktop":{"background-color":"var(--ast-global-color-5)","background-image":"","background-repeat":"repeat","background-position":"center center","background-size":"auto","background-attachment":"scroll","background-type":"","background-media":"","overlay-type":"","overlay-color":"","overlay-opacity":"","overlay-gradient":""},"tablet":{"background-color":"var(--ast-global-color-5)","background-image":"","background-repeat":"repeat","background-position":"center center","background-size":"auto","background-attachment":"scroll","background-type":"","background-media":"","overlay-type":"","overlay-color":"","overlay-opacity":"","overlay-gradient":""},"mobile":{"background-color":"var(--ast-global-color-5)","background-image":"","background-repeat":"repeat","background-position":"center center","background-size":"auto","background-attachment":"scroll","background-type":"","background-media":"","overlay-type":"","overlay-color":"","overlay-opacity":"","overlay-gradient":""}},"footnotes":""},"class_list":["post-14","page","type-page","status-publish","has-post-thumbnail","hentry"],"yoast_head":"<!-- This site is optimized with the Yoast SEO plugin v27.4 - https:\/\/yoast.com\/product\/yoast-seo-wordpress\/ -->\n<title>La Soci\u00e9t\u00e9 - AGRIPRO<\/title>\n<meta name=\"robots\" content=\"index, follow, max-snippet:-1, max-image-preview:large, max-video-preview:-1\" \/>\n<link rel=\"canonical\" href=\"https:\/\/agriproafrica.net\/fr_fr\/la-societe\/\" \/>\n<meta property=\"og:locale\" content=\"fr_FR\" \/>\n<meta property=\"og:type\" content=\"article\" \/>\n<meta property=\"og:title\" content=\"La Soci\u00e9t\u00e9 - AGRIPRO\" \/>\n<meta property=\"og:description\" content=\"D\u00e9couvrir la soci\u00e9t\u00e9 NOTRE D\u00c9MARCHE Accompagner, Outiller, Transformer \u2013 Telle est la mission d&rsquo;AGRIPRO, un acteur engag\u00e9 dans la modernisation [&hellip;]\" \/>\n<meta property=\"og:url\" content=\"https:\/\/agriproafrica.net\/fr_fr\/la-societe\/\" \/>\n<meta property=\"og:site_name\" content=\"AGRIPRO\" \/>\n<meta property=\"article:publisher\" content=\"http:\/\/facebook.com\/AgriproAfrica\" \/>\n<meta property=\"article:modified_time\" content=\"2025-05-07T07:54:36+00:00\" \/>\n<meta property=\"og:image\" content=\"https:\/\/agriproafrica.net\/wp-content\/uploads\/2024\/06\/agripro1.jpg\" \/>\n\t<meta property=\"og:image:width\" content=\"980\" \/>\n\t<meta property=\"og:image:height\" content=\"462\" \/>\n\t<meta property=\"og:image:type\" content=\"image\/jpeg\" \/>\n<meta name=\"twitter:card\" content=\"summary_large_image\" \/>\n<meta name=\"twitter:site\" content=\"@Agripro_Africa\" \/>\n<meta name=\"twitter:label1\" content=\"Dur\u00e9e de lecture estim\u00e9e\" \/>\n\t<meta name=\"twitter:data1\" content=\"3 minutes\" \/>\n<script type=\"application\/ld+json\" class=\"yoast-schema-graph\">{\"@context\":\"https:\\\/\\\/schema.org\",\"@graph\":[{\"@type\":\"WebPage\",\"@id\":\"https:\\\/\\\/agriproafrica.net\\\/la-societe\\\/\",\"url\":\"https:\\\/\\\/agriproafrica.net\\\/la-societe\\\/\",\"name\":\"La Soci\u00e9t\u00e9 - AGRIPRO\",\"isPartOf\":{\"@id\":\"https:\\\/\\\/agriproafrica.net\\\/fr_fr\\\/#website\"},\"primaryImageOfPage\":{\"@id\":\"https:\\\/\\\/agriproafrica.net\\\/la-societe\\\/#primaryimage\"},\"image\":{\"@id\":\"https:\\\/\\\/agriproafrica.net\\\/la-societe\\\/#primaryimage\"},\"thumbnailUrl\":\"https:\\\/\\\/agriproafrica.net\\\/wp-content\\\/uploads\\\/2024\\\/06\\\/agripro1.jpg\",\"datePublished\":\"2024-06-29T13:19:33+00:00\",\"dateModified\":\"2025-05-07T07:54:36+00:00\",\"breadcrumb\":{\"@id\":\"https:\\\/\\\/agriproafrica.net\\\/la-societe\\\/#breadcrumb\"},\"inLanguage\":\"fr-FR\",\"potentialAction\":[{\"@type\":\"ReadAction\",\"target\":[\"https:\\\/\\\/agriproafrica.net\\\/la-societe\\\/\"]}]},{\"@type\":\"ImageObject\",\"inLanguage\":\"fr-FR\",\"@id\":\"https:\\\/\\\/agriproafrica.net\\\/la-societe\\\/#primaryimage\",\"url\":\"https:\\\/\\\/agriproafrica.net\\\/wp-content\\\/uploads\\\/2024\\\/06\\\/agripro1.jpg\",\"contentUrl\":\"https:\\\/\\\/agriproafrica.net\\\/wp-content\\\/uploads\\\/2024\\\/06\\\/agripro1.jpg\",\"width\":980,\"height\":462},{\"@type\":\"BreadcrumbList\",\"@id\":\"https:\\\/\\\/agriproafrica.net\\\/la-societe\\\/#breadcrumb\",\"itemListElement\":[{\"@type\":\"ListItem\",\"position\":1,\"name\":\"Accueil\",\"item\":\"https:\\\/\\\/agriproafrica.net\\\/\"},{\"@type\":\"ListItem\",\"position\":2,\"name\":\"La Soci\u00e9t\u00e9\"}]},{\"@type\":\"WebSite\",\"@id\":\"https:\\\/\\\/agriproafrica.net\\\/fr_fr\\\/#website\",\"url\":\"https:\\\/\\\/agriproafrica.net\\\/fr_fr\\\/\",\"name\":\"AGRIPRO\",\"description\":\"\",\"publisher\":{\"@id\":\"https:\\\/\\\/agriproafrica.net\\\/fr_fr\\\/#organization\"},\"potentialAction\":[{\"@type\":\"SearchAction\",\"target\":{\"@type\":\"EntryPoint\",\"urlTemplate\":\"https:\\\/\\\/agriproafrica.net\\\/fr_fr\\\/?s={search_term_string}\"},\"query-input\":{\"@type\":\"PropertyValueSpecification\",\"valueRequired\":true,\"valueName\":\"search_term_string\"}}],\"inLanguage\":\"fr-FR\"},{\"@type\":\"Organization\",\"@id\":\"https:\\\/\\\/agriproafrica.net\\\/fr_fr\\\/#organization\",\"name\":\"AGRIPRO\",\"url\":\"https:\\\/\\\/agriproafrica.net\\\/fr_fr\\\/\",\"logo\":{\"@type\":\"ImageObject\",\"inLanguage\":\"fr-FR\",\"@id\":\"https:\\\/\\\/agriproafrica.net\\\/fr_fr\\\/#\\\/schema\\\/logo\\\/image\\\/\",\"url\":\"https:\\\/\\\/agriproafrica.net\\\/wp-content\\\/uploads\\\/2024\\\/07\\\/Logo-agripro.png\",\"contentUrl\":\"https:\\\/\\\/agriproafrica.net\\\/wp-content\\\/uploads\\\/2024\\\/07\\\/Logo-agripro.png\",\"width\":280,\"height\":144,\"caption\":\"AGRIPRO\"},\"image\":{\"@id\":\"https:\\\/\\\/agriproafrica.net\\\/fr_fr\\\/#\\\/schema\\\/logo\\\/image\\\/\"},\"sameAs\":[\"http:\\\/\\\/facebook.com\\\/AgriproAfrica\",\"https:\\\/\\\/x.com\\\/Agripro_Africa\"]}]}<\/script>\n<!-- \/ Yoast SEO plugin. -->","yoast_head_json":{"title":"La Soci\u00e9t\u00e9 - AGRIPRO","robots":{"index":"index","follow":"follow","max-snippet":"max-snippet:-1","max-image-preview":"max-image-preview:large","max-video-preview":"max-video-preview:-1"},"canonical":"https:\/\/agriproafrica.net\/fr_fr\/la-societe\/","og_locale":"fr_FR","og_type":"article","og_title":"La Soci\u00e9t\u00e9 - AGRIPRO","og_description":"D\u00e9couvrir la soci\u00e9t\u00e9 NOTRE D\u00c9MARCHE Accompagner, Outiller, Transformer \u2013 Telle est la mission d&rsquo;AGRIPRO, un acteur engag\u00e9 dans la modernisation [&hellip;]","og_url":"https:\/\/agriproafrica.net\/fr_fr\/la-societe\/","og_site_name":"AGRIPRO","article_publisher":"http:\/\/facebook.com\/AgriproAfrica","article_modified_time":"2025-05-07T07:54:36+00:00","og_image":[{"width":980,"height":462,"url":"https:\/\/agriproafrica.net\/wp-content\/uploads\/2024\/06\/agripro1.jpg","type":"image\/jpeg"}],"twitter_card":"summary_large_image","twitter_site":"@Agripro_Africa","twitter_misc":{"Dur\u00e9e de lecture estim\u00e9e":"3 minutes"},"schema":{"@context":"https:\/\/schema.org","@graph":[{"@type":"WebPage","@id":"https:\/\/agriproafrica.net\/la-societe\/","url":"https:\/\/agriproafrica.net\/la-societe\/","name":"La Soci\u00e9t\u00e9 - AGRIPRO","isPartOf":{"@id":"https:\/\/agriproafrica.net\/fr_fr\/#website"},"primaryImageOfPage":{"@id":"https:\/\/agriproafrica.net\/la-societe\/#primaryimage"},"image":{"@id":"https:\/\/agriproafrica.net\/la-societe\/#primaryimage"},"thumbnailUrl":"https:\/\/agriproafrica.net\/wp-content\/uploads\/2024\/06\/agripro1.jpg","datePublished":"2024-06-29T13:19:33+00:00","dateModified":"2025-05-07T07:54:36+00:00","breadcrumb":{"@id":"https:\/\/agriproafrica.net\/la-societe\/#breadcrumb"},"inLanguage":"fr-FR","potentialAction":[{"@type":"ReadAction","target":["https:\/\/agriproafrica.net\/la-societe\/"]}]},{"@type":"ImageObject","inLanguage":"fr-FR","@id":"https:\/\/agriproafrica.net\/la-societe\/#primaryimage","url":"https:\/\/agriproafrica.net\/wp-content\/uploads\/2024\/06\/agripro1.jpg","contentUrl":"https:\/\/agriproafrica.net\/wp-content\/uploads\/2024\/06\/agripro1.jpg","width":980,"height":462},{"@type":"BreadcrumbList","@id":"https:\/\/agriproafrica.net\/la-societe\/#breadcrumb","itemListElement":[{"@type":"ListItem","position":1,"name":"Accueil","item":"https:\/\/agriproafrica.net\/"},{"@type":"ListItem","position":2,"name":"La Soci\u00e9t\u00e9"}]},{"@type":"WebSite","@id":"https:\/\/agriproafrica.net\/fr_fr\/#website","url":"https:\/\/agriproafrica.net\/fr_fr\/","name":"AGRIPRO","description":"","publisher":{"@id":"https:\/\/agriproafrica.net\/fr_fr\/#organization"},"potentialAction":[{"@type":"SearchAction","target":{"@type":"EntryPoint","urlTemplate":"https:\/\/agriproafrica.net\/fr_fr\/?s={search_term_string}"},"query-input":{"@type":"PropertyValueSpecification","valueRequired":true,"valueName":"search_term_string"}}],"inLanguage":"fr-FR"},{"@type":"Organization","@id":"https:\/\/agriproafrica.net\/fr_fr\/#organization","name":"AGRIPRO","url":"https:\/\/agriproafrica.net\/fr_fr\/","logo":{"@type":"ImageObject","inLanguage":"fr-FR","@id":"https:\/\/agriproafrica.net\/fr_fr\/#\/schema\/logo\/image\/","url":"https:\/\/agriproafrica.net\/wp-content\/uploads\/2024\/07\/Logo-agripro.png","contentUrl":"https:\/\/agriproafrica.net\/wp-content\/uploads\/2024\/07\/Logo-agripro.png","width":280,"height":144,"caption":"AGRIPRO"},"image":{"@id":"https:\/\/agriproafrica.net\/fr_fr\/#\/schema\/logo\/image\/"},"sameAs":["http:\/\/facebook.com\/AgriproAfrica","https:\/\/x.com\/Agripro_Africa"]}]}},"_links":{"self":[{"href":"https:\/\/agriproafrica.net\/fr_fr\/wp-json\/wp\/v2\/pages\/14","targetHints":{"allow":["GET"]}}],"collection":[{"href":"https:\/\/agriproafrica.net\/fr_fr\/wp-json\/wp\/v2\/pages"}],"about":[{"href":"https:\/\/agriproafrica.net\/fr_fr\/wp-json\/wp\/v2\/types\/page"}],"author":[{"embeddable":true,"href":"https:\/\/agriproafrica.net\/fr_fr\/wp-json\/wp\/v2\/users\/2"}],"replies":[{"embeddable":true,"href":"https:\/\/agriproafrica.net\/fr_fr\/wp-json\/wp\/v2\/comments?post=14"}],"version-history":[{"count":145,"href":"https:\/\/agriproafrica.net\/fr_fr\/wp-json\/wp\/v2\/pages\/14\/revisions"}],"predecessor-version":[{"id":1727,"href":"https:\/\/agriproafrica.net\/fr_fr\/wp-json\/wp\/v2\/pages\/14\/revisions\/1727"}],"wp:featuredmedia":[{"embeddable":true,"href":"https:\/\/agriproafrica.net\/fr_fr\/wp-json\/wp\/v2\/media\/65"}],"wp:attachment":[{"href":"https:\/\/agriproafrica.net\/fr_fr\/wp-json\/wp\/v2\/media?parent=14"}],"curies":[{"name":"wp","href":"https:\/\/api.w.org\/{rel}","templated":true}]}}